{"id":1304,"date":"2015-01-14T14:08:12","date_gmt":"2015-01-14T14:08:12","guid":{"rendered":"https:\/\/www.villagraziella.com\/posizione-2\/"},"modified":"2015-03-02T11:39:46","modified_gmt":"2015-03-02T11:39:46","slug":"fekves","status":"publish","type":"page","link":"https:\/\/www.villagraziella.com\/hu\/fekves\/","title":{"rendered":"Fekv\u00e9s"},"content":{"rendered":"<div id=\"colonna-2\">\n<h1 class=\"piccolo\">Hotel a Mestre \u00e1llom\u00e1s k\u00f6zel\u00e9ben<\/h1>\n<p><strong>Sz\u00e1llod\u00e1nk<\/strong>, az <strong>Antica Villa Graziella<\/strong> Margher\u00e1ban tal\u00e1lhat\u00f3, 900 m\u00e9terre a <strong>mestrei <\/strong><strong>vas\u00fat\u00e1llom\u00e1st\u00f3l<\/strong>, \u00e9s t\u00edz perces aut\u00f3busz \u00fatra <strong>Velenc\u00e9t\u0151l<\/strong>.<\/p>\n<div id=\"container-map\">\n<div id=\"map-canvas\"><\/div>\n<\/p><\/div>\n<p class=\"nascondimobile\"><a href=\"..\/mappa-hu\/#popup\">A t\u00e9rk\u00e9p nyomtat\u00e1sa<\/a><\/p>\n<p>Csendes utc\u00e1ban, mindenf\u00e9le szolg\u00e1ltat\u00e1shoz (szupermarketek, pizzeri\u00e1k, \u00e9ttermek stb.) k\u00f6zel tal\u00e1lhat\u00f3 a  <strong>sz\u00e1lloda, a Velence<\/strong> Mestre <strong>Antica Villa Graziella hotel<\/strong> mely maxim\u00e1lis k\u00e9nyelmet biztos\u00edt, s a <strong>Mestre Venezia <\/strong><strong> \u00e1llom\u00e1shoz <\/strong><strong> k\u00f6zeli sz\u00e1llod\u00e1k<\/strong> k\u00f6z\u00fcl az egyik legel\u0151ny\u00f6sebb, ak\u00e1r ha Velenc\u00e9be akarunk menni (a buszmeg\u00e1ll\u00f3 gyalog h\u00e1rom percre tal\u00e1lhat\u00f3), ak\u00e1r ha az utat vagy az aut\u00f3p\u00e1ly\u00e1t akarjuk el\u00e9rni (az A4 kij\u00e1rata m\u00e1sf\u00e9l kilom\u00e9ter), melyeken n\u00e9h\u00e1ny perc alatt el\u00e9rhet\u0151ek mind a <strong>Riviera del Brenta<\/strong> venet\u00f3i vill\u00e1i,  mind a m\u0171eml\u00e9kekben gazdag v\u00e1rosok; Padova \u00e9s Treviso, mind pedig eg\u00e9sz <strong>Veneto<\/strong>.<\/p>\n<p>Az Antica Villa Graziella a vend\u00e9geinek fenntartott <strong>d\u00edjtalan parkol\u00f3val<\/strong> rendelkezik, s \u00e9rkez\u00e9skor mindenki megkapja azokat az inform\u00e1ci\u00f3kat, amelyek Velence \u00e9s k\u00f6rny\u00e9k\u00e9nek legszebb \u00e9s legh\u00edresebb pontjainak az el\u00e9r\u00e9s\u00e9hez sz\u00fcks\u00e9gesek; mit \u00e9rdemes megn\u00e9zni, hol lehet j\u00f3l enni, aut\u00f3buszok, vonatok \u00e9s vaporett\u00f3k menetrendjei stb.<\/p>\n<\/p>\n<h2>Hogyan juthat el hozz\u00e1nk<\/h2>\n<h3>Aut\u00f3val<\/h3>\n<p><strong>Az A4-es MILANO-PADOVA-VENEZIA aut\u00f3p\u00e1lya felol<\/strong>; A PADOVA EST kij\u00e1ratn\u00e1l az aut\u00f3p\u00e1lya k\u00e9tfel\u00e9 \u00e1gazik. A jobb oldalon haladva a VENEZIA\/AEROPORTO-MESTRE ir\u00e1nyt k\u00f6vesse; kb. 10 km ut\u00e1n a VENEZIA-MESTRE fizetokapuhoz \u00e9r; itt a jobb oldalra soroljon be \u00e9s az elso kij\u00e1ratn\u00e1l hajtson le jobbra VENEZIA-RAVENNA \/ MESTRE-MARGHERA ir\u00e1nyba; egy nagy k\u00f6rforgalomhoz fog \u00e9rni; itt a m\u00e1sodik kij\u00e1ratn\u00e1l menjen jobbra MARGHERA fel\u00e9 *(k\u00f6zvetlen\u00fcl a &#8222;TOTAL FINA&#8221; benzink\u00fat ut\u00e1n jobbra); egy kisebb k\u00f6rforgalomhoz fog \u00e9rni (piazzale Parmesan t\u00e9r) amelyrol a harmadik kij\u00e1ratn\u00e1l (Via Calvi utca) kell jobbra hajtani; ennek az utc\u00e1nak a v\u00e9g\u00e9n\u00e9l tal\u00e1l benn\u00fcnket, a bal oldalon, a Q8 t\u00f6lto\u00e1llom\u00e1s elott (Via Luigi Coletti 6 sz\u00e1m alatt).<\/p>\n<p><strong>Az A27-es BELLUNO-VENEZIA aut\u00f3p\u00e1lya felol<\/strong>; k\u00f6vesse a k\u00f6rgyuru ill. az aut\u00f3p\u00e1lya fel\u00e9 mutat\u00f3 TANGENZIALE \/ VENEZIA-MILANO A4 jelz\u00e9st; menjen v\u00e9gig a Tangenziale di Mestre k\u00f6rgyurun eg\u00e9szen az utols\u00f3 kij\u00e1ratig MARGHERA \/ CHIOGGIA-RAVENNA ir\u00e1ny\u00e1t k\u00f6vetve, itt egy nagy k\u00f6rforgalomhoz \u00e9r; a harmadik kij\u00e1ratn\u00e1l hajtson le MARGHERA ir\u00e1ny\u00e1ba; innen a fenti \u00fatmutat\u00f3 *jelz\u00e9se ut\u00e1ni (k\u00f6zvetlen\u00fcl a TOTAL FINA&#8230;) le\u00edr\u00e1s\u00e1t k\u00f6vesse.<\/p>\n<p><strong>Az A4-es TRIESTE-UDINE-VENEZIA aut\u00f3p\u00e1lya felol<\/strong>; S.DONA&#8217;-NOVENTA ut\u00e1n m\u00e9g kb. 17 km-t kell megtennie az aut\u00f3p\u00e1ly\u00e1n; az el\u00e1gaz\u00e1sn\u00e1l soroljon be jobbra \u00e9s k\u00f6vesse a rep\u00fclot\u00e9r fel\u00e9 mutat\u00f3 VENEZIA-AEROPORTO \/ VENEZIA EST jelz\u00e9st; kb. 1 km ut\u00e1n a VENEZIA EST fizetokapuhoz fog \u00e9rni; innen a k\u00f6rgyuru ill. az aut\u00f3p\u00e1lya fel\u00e9 mutat\u00f3 TANGENZIALE \/ A4 MILANO-VENEZIA jelz\u00e9st k\u00f6vesse \u00e9s menjen v\u00e9gig a Tangenziale di Mestre k\u00f6rgyurun; az utols\u00f3 kij\u00e1ratn\u00e1l RAVENNA\/CHIOGGIA-MARGHERA ir\u00e1nyba hajtson le, ahol egy nagy k\u00f6rforgalomhoz fog \u00e9rni; a harmadik MARGHERA fel\u00e9 mutat\u00f3 kij\u00e1ratn\u00e1l menjen ki; innen a fenti \u00fatmutat\u00f3 *jelz\u00e9se ut\u00e1ni (k\u00f6zvetlen\u00fcl a TOTAL FINA&#8230;) le\u00edr\u00e1s\u00e1t k\u00f6vesse.<br \/>\nAz E45-es fo\u00fatr\u00f3l RAVENNA-CHIOGGIA felol; az elso nagy k\u00f6rforgalomn\u00e1l a m\u00e1sodik VENEZIA- MILANO A4 aut\u00f3p\u00e1lya fel\u00e9 mutat\u00f3 kij\u00e1ratn\u00e1l menjen ki, ami egy gyorsforgalmi \u00fatra vezet, ennek v\u00e9g\u00e9n ism\u00e9t nagy \u00fajabb k\u00f6rforgalom lesz, ahonnan MARGHERA ir\u00e1ny\u00e1ba folytassa \u00fatj\u00e1t; innen a fenti \u00fatmutat\u00f3 *jelz\u00e9se ut\u00e1ni (k\u00f6zvetlen\u00fcl a TOTAL FINA&#8230;) le\u00edr\u00e1s\u00e1t k\u00f6vesse.<\/p>\n<h3>Vonattal<\/h3>\n<p>A Hotel Antica Villa Graziella legk\u00f6nnyebben a MESTRE-VENEZIA vas\u00fat\u00e1llom\u00e1st\u00f3l k\u00f6zel\u00edtheto meg:<\/p>\n<p>&#8211; a vas\u00fat\u00e1llom\u00e1s mind\u00f6ssze 800 m\u00e9terre van a hoteltol, ha nincs neh\u00e9z csomagja, az \u00e1llom\u00e1st\u00f3l gyalog is eljuthat hozz\u00e1nk (kb. 15 perc alatt); az \u00e1llom\u00e1s alulj\u00e1r\u00f3j\u00e1b\u00f3l a MARGHERA fel\u00e9 mutat\u00f3 oldalon kell felj\u00f6nni; itt egy kis utc\u00e1ra \u00e9r (Via Ulloa vagy Via Rizzardi), amelynek v\u00e9g\u00e9n egy k\u00f6rt\u00e9r van (Piazzale Giovannacci); innen forduljon a jobb k\u00e9z feloli elso utc\u00e1ba (Viale Paolucci); ennek v\u00e9g\u00e9n a jobb oldalon l\u00e1tja majd \u201cALI&#8217;\u201d szupermarketet, szemben pedig a Q8 benzinkutat, valamint a Villa Graziella fel\u00e9 mutat\u00f3 t\u00e1bl\u00e1t. Sz\u00e1llod\u00e1nk az jobb oldali elso keresztutc\u00e1ban van a Via Luigi Coletti utca 6 sz\u00e1m alatt.<\/p>\n<p>&#8211; Ha villamossal szeretne eljutni hozz\u00e1nk, a MESTREI oldalon j\u00f6jj\u00f6n ki a vas\u00fat\u00e1llom\u00e1sr\u00f3l, forduljon jobbra \u00e9s menjen el a PIAZZALE FAVRETTI-ig, ahol a villamosmeg\u00e1ll\u00f3 tal\u00e1lhat\u00f3 (a legutols\u00f3 j\u00e1rat Marghera fel\u00e9 21:33 \u00f3rakor indul).<br \/>\n Sz\u00e1lljon le Margher\u00e1ban a VIA LAVELLI meg\u00e1ll\u00f3n\u00e1l, induljon vissza a f\u0151utc\u00e1n (Viale Paolucci), forduljon balra, majd menjen k\u00f6r\u00fclbel\u00fcl 300 m-t. Jobb oldalon meg fogja l\u00e1tni az \u201eALI\u2019\u201d szupermarketet, valamint szemben a Q8 benzinkutat. Mi k\u00f6r\u00fclbel\u00fcl 30 m-re vagyunk onnan, jobbra az els\u0151 utc\u00e1ban, a Via Luigi Coletti, 6 sz\u00e1m alatt.  (Az \u00fat villamossal kb. 5 perc, a jegy egy \u00fatra 1,30 eur\u00f3 egy szem\u00e9ly r\u00e9sz\u00e9re). *) Azt<br \/>\ntan\u00e1csoljuk, hogy vegye meg a busz\/villamos jegyet a mestrei vas\u00fat\u00e1llom\u00e1son.<\/p>\n<p>&#8211; A taxik az \u00e1llom\u00e1s fobej\u00e1rat\u00e1val szemben v\u00e1rakoznak (MESTRE-i oldalon) \u00e9s kb. 5\/10 perc alatt a sz\u00e1llod\u00e1hoz \u00e9rnek (kb. 15\/20 Euro max. 4 szem\u00e9ly.)<\/p>\n<h3>Rep\u00fclovel<\/h3>\n<h4>A velencei \u201cMarco Polo\u201d rep\u00fclot\u00e9rrol<\/h4>\n<h5>Az ACTV aut\u00f3buszj\u00e1rat\u00e1val<\/h5>\n<p>&#8211; <strong>Nappali j\u00e1rat (munkanapokon)<\/strong>: a rep\u00fclot\u00e9ren sz\u00e1lljon a 15-\u00f6s jelz\u00e9su buszra (az utols\u00f3 Marghera fel\u00e9 k\u00f6zlekedo busz kb. 21:15-kor indul), a buszr\u00f3l a Piazzale Faretti Mestre utca utols\u00f3 meg\u00e1ll\u00f3j\u00e1n\u00e1l kell lesz\u00e1llni (k\u00f6zel a vas\u00fat\u00e1llom\u00e1shoz)<\/p>\n<p>Onnan sz\u00e1lljon villamosra \u00e9s sz\u00e1lljon le a margherai Via Lavelli meg\u00e1ll\u00f3ban, majd menjen vissza a f\u0151 utc\u00e1ba (Viale Paolucci), forduljon balra, menjen el\u0151re 300 m-t (az ALI\u2019 szupermarket ut\u00e1n) szemben l\u00e1tni fogja a Q8 benzinkutat, mi az ut\u00e1n vagyunk kb. 30 m-re, jobbra az els\u0151 keresztutc\u00e1ban a Via Coletti 6 sz\u00e1m alatt.  FIGYELEM \u00fcnnepnapokon a 15-\u00f6s aut\u00f3busz elmegy Margher\u00e1ba (az utols\u00f3 19:50-kor indul Margher\u00e1ba), a margherai Via Lavelli meg\u00e1ll\u00f3n\u00e1l kell lesz\u00e1llni.<br \/>\n *FONTOS a P.le Giovanacci k\u00f6rforgalom ut\u00e1n jelezzen.  *)innent\u0151l k\u00f6vesse a fent le\u00edrt utas\u00edt\u00e1sokat.  (Az \u00fat k\u00f6r\u00fclbel\u00fcl 40\/45 perc (forgalomt\u00f3l f\u00fcgg\u0151en), a jegy egy \u00fatra szem\u00e9lyenk\u00e9nt 6,00 eur\u00f3ba ker\u00fcl)<\/p>\n<p>* \u00c9jjeli-nappali j\u00e1rat (munkanapokon\/\u00fcnnepnapokon): a rept\u00e9ren sz\u00e1lljon fel az 5-\u00f6s aut\u00f3busz j\u00e1ratra, sz\u00e1lljon le Velenc\u00e9ben (P.le Roma), (az utols\u00f3 j\u00e1rat Velenc\u00e9be 01:10-kor indul).  A jegy \u00e1ra egy \u00fatra 6,00 eur\u00f3 szem\u00e9lyenk\u00e9nt.  Majd sz\u00e1lljon \u00e1t a Margh\u00e9r\u00e1ba men\u0151 2-es aut\u00f3buszra (\u00e9jszakai j\u00e1rat) 24:50-t\u0151l<br \/>\n(minden \u00f3r\u00e1ban), vagy a 6-os buszra (nappali j\u00e1rat), \u00e9s sz\u00e1lljon le a margherai els\u0151 Via Lavelli meg\u00e1ll\u00f3n\u00e1l. *FONTOS a P.le Giovannacci k\u00f6rforgalom ut\u00e1n jelezzen.  *)innent\u0151l k\u00f6vesse a fent le\u00edrt utas\u00edt\u00e1sokat.  A jegy egy \u00fatra 1,30 eur\u00f3ba ker\u00fcl szem\u00e9lyenk\u00e9nt.<\/p>\n<p>az ATVO (k\u00f6zvetlen\/diretto) aut\u00f3buszj\u00e1rat\u00e1val (Fly Bus): <br \/>\na rep\u00fclot\u00e9ren sz\u00e1lljon az ATVO (diretto) k\u00f6zvetlen j\u00e1rat\u00e1ra (utols\u00f3 indul\u00e1s 24:20-kor), a buszr\u00f3l a MESTRE-VENEZIA vas\u00fat\u00e1llom\u00e1son (stazione) sz\u00e1lljon le, amely hotel\u00fcnktol mind\u00f6ssze 800 m\u00e9terre van (gyalog 15 perc).<br \/>\nA MESTRE-VENEZIA vas\u00fat\u00e1llom\u00e1st\u00f3l k\u00f6vesse a \u201cVonattal\u201d pont alatti le\u00edr\u00e1st.<br \/>\nAz \u00fat k\u00f6r\u00fclbel\u00fcl 20\/30 perc (forgalomt\u00f3l f\u00fcgg\u0151en), a jegy \u00e1ra egy \u00fatra 6,00 eur\u00f3ba ker\u00fcl szem\u00e9lyenk\u00e9nt *) \u00c9rdemes a buszjegyet a rep\u00fclot\u00e9ren elore megvenni<\/p>\n<p>&#8211; <strong>TAXIVAL<\/strong>: \u00edgy juthat legk\u00f6nnyebben \u00e9s leggyorsabban sz\u00e1llod\u00e1nkba. A menetido kb. 20\/30 perc (kb. 45\/55 Euro max. 4 szem\u00e9lynek.)<\/p>\n<h4>A trevis\u00f3i &#8222;Antonio Canova&#8221; rep\u00fclot\u00e9rrol<\/h4>\n<p>&#8211; L\u00e9tezik egy ATVO rep\u00fclot\u00e9ri j\u00e1rat, ameky a rep\u00fcloj\u00e1ratok menetrendj\u00e9hez igazodik, a busz menetideje kb. 50-60 perc. Az ingaj\u00e1rat k\u00f6zvetlen a Velence\/Mestre vas\u00fat\u00e1llom\u00e1sra \u00e9rkezik, majd Velenc\u00e9ben a Piazzale Roma fel\u00e9 megy tov\u00e1bb. A jegy \u00e1ra egy \u00fatra 10,00 eur\u00f3ba ker\u00fcl szem\u00e9lyenk\u00e9nt valamint oda\/vissza \u00fatra 18,00 eur\u00f3ba ker\u00fcl szem\u00e9lyenk\u00e9nt (csomag is bele\u00e9rtve).<br \/>\nA buszr\u00f3l a MESTRE vas\u00fat\u00e1llom\u00e1son (stazione) kell lesz\u00e1llni, innen 800 m\u00e9terre van sz\u00e1llod\u00e1nk. (kb. 15 perc gyalog), innen k\u00f6vesse a &#8222;Vonattal&#8221; pont alatti le\u00edr\u00e1st.<\/p>\n<p>&#8211; Taxival a legegyszer\u0171bb \u00e9s leggyorsabb az \u201eAntica Villa Graziella**\u201d Hotelbe eljutni, de nagyon dr\u00e1ga. Az \u00e1r k\u00f6r\u00fclbel\u00fcl 70\/80 eur\u00f3 (maximum 4 f\u0151 r\u00e9sz\u00e9re) \u00e9s az \u00fat k\u00f6r\u00fclbel\u00fcl 40\/50 percig tart (forgalomt\u00f3l f\u00fcgg\u0151en).<\/p>\n<p><\/div><div id=\"colonna-1\"><\/p>\n<div class=\"colonnaofferte\">\n<div class=\"offers\"><\/p>\n<div id=\"offertespeciali\">\n<h2>K\u00fcl\u00f6nleges aj\u00e0nlataink<\/h2>\n<div class=\"flexslider\" style=\"width:268px;\"><ul class=\"slides\"><li><a href=\"https:\/\/www.villagraziella.com\/hu\/offers\/special-family-offer-stay-close-venice-3\/\"><img loading=\"lazy\" decoding=\"async\" width=\"268\" height=\"160\" src=\"https:\/\/www.villagraziella.com\/wp-content\/uploads\/2015\/02\/famiglia-268x160.jpg\" class=\"attachment-slider_medium size-slider_medium\" alt=\"\" \/><\/a><div class=\"flex-caption\"><div class=\"original-price price-all\"><\/div><div class=\"reducted-price price-all\"><\/div><div class=\"clear\"><\/div><div class=\"clear\"><\/div><div class=\"offer_title\"><a href=\"https:\/\/www.villagraziella.com\/hu\/offers\/special-family-offer-stay-close-venice-3\/\">Special &#8222;Family Offer&#8221; for your stay close to Venice<\/a><\/div><\/div><\/li><li><a href=\"https:\/\/www.villagraziella.com\/hu\/offers\/special-companies-try-2\/\"><img loading=\"lazy\" decoding=\"async\" width=\"268\" height=\"160\" src=\"https:\/\/www.villagraziella.com\/wp-content\/uploads\/2015\/01\/business-268x160.jpg\" class=\"attachment-slider_medium size-slider_medium\" alt=\"\" \/><\/a><div class=\"flex-caption\"><div class=\"original-price price-all\"><\/div><div class=\"reducted-price price-all\"><\/div><div class=\"clear\"><\/div><div class=\"clear\"><\/div><div class=\"offer_title\"><a href=\"https:\/\/www.villagraziella.com\/hu\/offers\/special-companies-try-2\/\">&#8222;OFFER for COMPANIES&#8221; near Venice<\/a><\/div><\/div><\/li><li><a href=\"https:\/\/www.villagraziella.com\/hu\/offers\/special-internet-rates\/\"><img loading=\"lazy\" decoding=\"async\" width=\"268\" height=\"160\" src=\"https:\/\/www.villagraziella.com\/wp-content\/uploads\/2013\/09\/sanmarco-268x160.jpg\" class=\"attachment-slider_medium size-slider_medium\" alt=\"\" \/><\/a><div class=\"flex-caption\"><div class=\"original-price price-all\"><\/div><div class=\"reducted-price price-all\"><\/div><div class=\"clear\"><\/div><div class=\"clear\"><\/div><div class=\"offer_title\"><a href=\"https:\/\/www.villagraziella.com\/hu\/offers\/special-internet-rates\/\">Special internet rates<\/a><\/div><\/div><\/li><\/ul><\/div>\n<p><a href=\"https:\/\/www.villagraziella.com\/hu\/kulonleges-ajanlatok\/\" title=\"K\u00fcl\u00f6nleges aj\u00e0nlataink\">Menj a teljes list\u00e1hoz<\/a><\/p>\n<\/div>\n<p><\/div><\/p><\/div>\n<!-- index.php -->\n<div\n\tclass=\"ngg-galleryoverview ngg-ajax-pagination-none\"\n\tid=\"ngg-gallery-15a138c02741725cfca7ef18c648256b-1\">\n\n    \t<div class=\"slideshowlink\">\n        <a href='https:\/\/www.villagraziella.com\/hu\/offers\/special-internet-rates\/nggallery\/slideshow'>[Show as slideshow]<\/a>\n\t\t\n\t<\/div>\n\t\t\t<!-- Thumbnails -->\n\t\t\t\t<div id=\"ngg-image-0\" class=\"ngg-gallery-thumbnail-box\" >\n\t\t\t\t        <div class=\"ngg-gallery-thumbnail\">\n            <a href=\"https:\/\/www.villagraziella.com\/wp-content\/gallery\/posizione\/torre_belfredo.jpg\"\n               title=\"\"\n               data-src=\"https:\/\/www.villagraziella.com\/wp-content\/gallery\/posizione\/torre_belfredo.jpg\"\n               data-thumbnail=\"https:\/\/www.villagraziella.com\/wp-content\/gallery\/posizione\/thumbs\/thumbs_torre_belfredo.jpg\"\n               data-image-id=\"76\"\n               data-title=\"torre_belfredo\"\n               data-description=\"\"\n               data-image-slug=\"torre_belfredo\"\n               class='thickbox' rel='15a138c02741725cfca7ef18c648256b'>\n                <img\n                    title=\"torre_belfredo\"\n                    alt=\"torre_belfredo\"\n                    src=\"https:\/\/www.villagraziella.com\/wp-content\/gallery\/posizione\/thumbs\/thumbs_torre_belfredo.jpg\"\n                    width=\"280\"\n                    height=\"280\"\n                    style=\"max-width:100%;\"\n                \/>\n            <\/a>\n        <\/div>\n\t\t\t\t\t\t\t<\/div> \n\t\t\t\n        \n\t\t\t\t<div id=\"ngg-image-1\" class=\"ngg-gallery-thumbnail-box\" >\n\t\t\t\t        <div class=\"ngg-gallery-thumbnail\">\n            <a href=\"https:\/\/www.villagraziella.com\/wp-content\/gallery\/posizione\/via_palazzo.jpg\"\n               title=\"\"\n               data-src=\"https:\/\/www.villagraziella.com\/wp-content\/gallery\/posizione\/via_palazzo.jpg\"\n               data-thumbnail=\"https:\/\/www.villagraziella.com\/wp-content\/gallery\/posizione\/thumbs\/thumbs_via_palazzo.jpg\"\n               data-image-id=\"77\"\n               data-title=\"via_palazzo\"\n               data-description=\"\"\n               data-image-slug=\"via_palazzo\"\n               class='thickbox' rel='15a138c02741725cfca7ef18c648256b'>\n                <img\n                    title=\"via_palazzo\"\n                    alt=\"via_palazzo\"\n                    src=\"https:\/\/www.villagraziella.com\/wp-content\/gallery\/posizione\/thumbs\/thumbs_via_palazzo.jpg\"\n                    width=\"280\"\n                    height=\"280\"\n                    style=\"max-width:100%;\"\n                \/>\n            <\/a>\n        <\/div>\n\t\t\t\t\t\t\t<\/div> \n\t\t\t\n        \n\t\t\t\t<div id=\"ngg-image-2\" class=\"ngg-gallery-thumbnail-box\" >\n\t\t\t\t        <div class=\"ngg-gallery-thumbnail\">\n            <a href=\"https:\/\/www.villagraziella.com\/wp-content\/gallery\/posizione\/galleria.jpg\"\n               title=\"\"\n               data-src=\"https:\/\/www.villagraziella.com\/wp-content\/gallery\/posizione\/galleria.jpg\"\n               data-thumbnail=\"https:\/\/www.villagraziella.com\/wp-content\/gallery\/posizione\/thumbs\/thumbs_galleria.jpg\"\n               data-image-id=\"72\"\n               data-title=\"galleria\"\n               data-description=\"\"\n               data-image-slug=\"galleria\"\n               class='thickbox' rel='15a138c02741725cfca7ef18c648256b'>\n                <img\n                    title=\"galleria\"\n                    alt=\"galleria\"\n                    src=\"https:\/\/www.villagraziella.com\/wp-content\/gallery\/posizione\/thumbs\/thumbs_galleria.jpg\"\n                    width=\"280\"\n                    height=\"280\"\n                    style=\"max-width:100%;\"\n                \/>\n            <\/a>\n        <\/div>\n\t\t\t\t\t\t\t<\/div> \n\t\t\t\n        \n\t\t\t\t<div id=\"ngg-image-3\" class=\"ngg-gallery-thumbnail-box\" >\n\t\t\t\t        <div class=\"ngg-gallery-thumbnail\">\n            <a href=\"https:\/\/www.villagraziella.com\/wp-content\/gallery\/posizione\/san_geremia_bdt.jpg\"\n               title=\"\"\n               data-src=\"https:\/\/www.villagraziella.com\/wp-content\/gallery\/posizione\/san_geremia_bdt.jpg\"\n               data-thumbnail=\"https:\/\/www.villagraziella.com\/wp-content\/gallery\/posizione\/thumbs\/thumbs_san_geremia_bdt.jpg\"\n               data-image-id=\"75\"\n               data-title=\"san_geremia_bdt\"\n               data-description=\"\"\n               data-image-slug=\"san_geremia_bdt\"\n               class='thickbox' rel='15a138c02741725cfca7ef18c648256b'>\n                <img\n                    title=\"san_geremia_bdt\"\n                    alt=\"san_geremia_bdt\"\n                    src=\"https:\/\/www.villagraziella.com\/wp-content\/gallery\/posizione\/thumbs\/thumbs_san_geremia_bdt.jpg\"\n                    width=\"280\"\n                    height=\"280\"\n                    style=\"max-width:100%;\"\n                \/>\n            <\/a>\n        <\/div>\n\t\t\t\t\t\t\t<\/div> \n\t\t\t\n        \n\t\t\t\t<div id=\"ngg-image-4\" class=\"ngg-gallery-thumbnail-box\" >\n\t\t\t\t        <div class=\"ngg-gallery-thumbnail\">\n            <a href=\"https:\/\/www.villagraziella.com\/wp-content\/gallery\/posizione\/rialto_bdt.jpg\"\n               title=\"\"\n               data-src=\"https:\/\/www.villagraziella.com\/wp-content\/gallery\/posizione\/rialto_bdt.jpg\"\n               data-thumbnail=\"https:\/\/www.villagraziella.com\/wp-content\/gallery\/posizione\/thumbs\/thumbs_rialto_bdt.jpg\"\n               data-image-id=\"73\"\n               data-title=\"rialto_bdt\"\n               data-description=\"\"\n               data-image-slug=\"rialto_bdt\"\n               class='thickbox' rel='15a138c02741725cfca7ef18c648256b'>\n                <img\n                    title=\"rialto_bdt\"\n                    alt=\"rialto_bdt\"\n                    src=\"https:\/\/www.villagraziella.com\/wp-content\/gallery\/posizione\/thumbs\/thumbs_rialto_bdt.jpg\"\n                    width=\"280\"\n                    height=\"280\"\n                    style=\"max-width:100%;\"\n                \/>\n            <\/a>\n        <\/div>\n\t\t\t\t\t\t\t<\/div> \n\t\t\t\n        \n\t\t\t\t<div id=\"ngg-image-5\" class=\"ngg-gallery-thumbnail-box\" >\n\t\t\t\t        <div class=\"ngg-gallery-thumbnail\">\n            <a href=\"https:\/\/www.villagraziella.com\/wp-content\/gallery\/posizione\/rialto_pescheria_bdt.jpg\"\n               title=\"\"\n               data-src=\"https:\/\/www.villagraziella.com\/wp-content\/gallery\/posizione\/rialto_pescheria_bdt.jpg\"\n               data-thumbnail=\"https:\/\/www.villagraziella.com\/wp-content\/gallery\/posizione\/thumbs\/thumbs_rialto_pescheria_bdt.jpg\"\n               data-image-id=\"78\"\n               data-title=\"rialto_pescheria_bdt\"\n               data-description=\"\"\n               data-image-slug=\"rialto_pescheria_bdt\"\n               class='thickbox' rel='15a138c02741725cfca7ef18c648256b'>\n                <img\n                    title=\"rialto_pescheria_bdt\"\n                    alt=\"rialto_pescheria_bdt\"\n                    src=\"https:\/\/www.villagraziella.com\/wp-content\/gallery\/posizione\/thumbs\/thumbs_rialto_pescheria_bdt.jpg\"\n                    width=\"280\"\n                    height=\"280\"\n                    style=\"max-width:100%;\"\n                \/>\n            <\/a>\n        <\/div>\n\t\t\t\t\t\t\t<\/div> \n\t\t\t\n        \n\t\t\t\t<div id=\"ngg-image-6\" class=\"ngg-gallery-thumbnail-box\" >\n\t\t\t\t        <div class=\"ngg-gallery-thumbnail\">\n            <a href=\"https:\/\/www.villagraziella.com\/wp-content\/gallery\/posizione\/DSC_9666.jpg\"\n               title=\"\"\n               data-src=\"https:\/\/www.villagraziella.com\/wp-content\/gallery\/posizione\/DSC_9666.jpg\"\n               data-thumbnail=\"https:\/\/www.villagraziella.com\/wp-content\/gallery\/posizione\/thumbs\/thumbs_DSC_9666.jpg\"\n               data-image-id=\"71\"\n               data-title=\"DSC_9666\"\n               data-description=\"\"\n               data-image-slug=\"dsc_9666\"\n               class='thickbox' rel='15a138c02741725cfca7ef18c648256b'>\n                <img\n                    title=\"DSC_9666\"\n                    alt=\"DSC_9666\"\n                    src=\"https:\/\/www.villagraziella.com\/wp-content\/gallery\/posizione\/thumbs\/thumbs_DSC_9666.jpg\"\n                    width=\"280\"\n                    height=\"280\"\n                    style=\"max-width:100%;\"\n                \/>\n            <\/a>\n        <\/div>\n\t\t\t\t\t\t\t<\/div> \n\t\t\t\n        \n\t\t\t\t<div id=\"ngg-image-7\" class=\"ngg-gallery-thumbnail-box\" >\n\t\t\t\t        <div class=\"ngg-gallery-thumbnail\">\n            <a href=\"https:\/\/www.villagraziella.com\/wp-content\/gallery\/posizione\/rialto4_bdt.jpg\"\n               title=\"\"\n               data-src=\"https:\/\/www.villagraziella.com\/wp-content\/gallery\/posizione\/rialto4_bdt.jpg\"\n               data-thumbnail=\"https:\/\/www.villagraziella.com\/wp-content\/gallery\/posizione\/thumbs\/thumbs_rialto4_bdt.jpg\"\n               data-image-id=\"74\"\n               data-title=\"rialto4_bdt\"\n               data-description=\"\"\n               data-image-slug=\"rialto4_bdt\"\n               class='thickbox' rel='15a138c02741725cfca7ef18c648256b'>\n                <img\n                    title=\"rialto4_bdt\"\n                    alt=\"rialto4_bdt\"\n                    src=\"https:\/\/www.villagraziella.com\/wp-content\/gallery\/posizione\/thumbs\/thumbs_rialto4_bdt.jpg\"\n                    width=\"280\"\n                    height=\"280\"\n                    style=\"max-width:100%;\"\n                \/>\n            <\/a>\n        <\/div>\n\t\t\t\t\t\t\t<\/div> \n\t\t\t\n        \n\t\t\n\t\t<!-- Pagination -->\n\t<div class='ngg-clear'><\/div>\t<\/div>\n\n<p><\/div><\/p>\n","protected":false},"excerpt":{"rendered":"","protected":false},"author":24,"featured_media":0,"parent":0,"menu_order":0,"comment_status":"open","ping_status":"open","template":"page-monocolonna.php","meta":{"ngg_post_thumbnail":0,"footnotes":""},"class_list":["post-1304","page","type-page","status-publish","hentry"],"yoast_head":"<!-- This site is optimized with the Yoast SEO plugin v25.7 - https:\/\/yoast.com\/wordpress\/plugins\/seo\/ -->\n<title>Hotel a Mestre \u00e1llom\u00e1s k\u00f6zel\u00e9ben - Hotel Margher\u00e1ban<\/title>\n<meta name=\"description\" content=\"A hotel a Mestre \u00e1llom\u00e1s k\u00f6zel\u00e9ben praktikus a velencei l\u00e1togat\u00e1sokhoz \u00e9s kir\u00e1ndul\u00e1sokhoz, kiv\u00e1l\u00f3 \u00f6sszek\u00f6ttet\u00e9sekkel a velencei rept\u00e9rre.\" \/>\n<meta name=\"robots\" content=\"index, follow, max-snippet:-1, max-image-preview:large, max-video-preview:-1\" \/>\n<link rel=\"canonical\" href=\"https:\/\/www.villagraziella.com\/hu\/fekves\/\" \/>\n<meta property=\"og:locale\" content=\"hu_HU\" \/>\n<meta property=\"og:type\" content=\"article\" \/>\n<meta property=\"og:title\" content=\"Hotel a Mestre \u00e1llom\u00e1s k\u00f6zel\u00e9ben - Hotel Margher\u00e1ban\" \/>\n<meta property=\"og:description\" content=\"A hotel a Mestre \u00e1llom\u00e1s k\u00f6zel\u00e9ben praktikus a velencei l\u00e1togat\u00e1sokhoz \u00e9s kir\u00e1ndul\u00e1sokhoz, kiv\u00e1l\u00f3 \u00f6sszek\u00f6ttet\u00e9sekkel a velencei rept\u00e9rre.\" \/>\n<meta property=\"og:url\" content=\"https:\/\/www.villagraziella.com\/hu\/fekves\/\" \/>\n<meta property=\"og:site_name\" content=\"Villa Graziella\" \/>\n<meta property=\"article:modified_time\" content=\"2015-03-02T11:39:46+00:00\" \/>\n<meta name=\"twitter:label1\" content=\"Becs\u00fclt olvas\u00e1si id\u0151\" \/>\n\t<meta name=\"twitter:data1\" content=\"8 perc\" \/>\n<script type=\"application\/ld+json\" class=\"yoast-schema-graph\">{\"@context\":\"https:\/\/schema.org\",\"@graph\":[{\"@type\":\"WebPage\",\"@id\":\"https:\/\/www.villagraziella.com\/hu\/fekves\/\",\"url\":\"https:\/\/www.villagraziella.com\/hu\/fekves\/\",\"name\":\"Hotel a Mestre \u00e1llom\u00e1s k\u00f6zel\u00e9ben - Hotel Margher\u00e1ban\",\"isPartOf\":{\"@id\":\"https:\/\/www.villagraziella.com\/hu\/#website\"},\"datePublished\":\"2015-01-14T14:08:12+00:00\",\"dateModified\":\"2015-03-02T11:39:46+00:00\",\"description\":\"A hotel a Mestre \u00e1llom\u00e1s k\u00f6zel\u00e9ben praktikus a velencei l\u00e1togat\u00e1sokhoz \u00e9s kir\u00e1ndul\u00e1sokhoz, kiv\u00e1l\u00f3 \u00f6sszek\u00f6ttet\u00e9sekkel a velencei rept\u00e9rre.\",\"breadcrumb\":{\"@id\":\"https:\/\/www.villagraziella.com\/hu\/fekves\/#breadcrumb\"},\"inLanguage\":\"hu\",\"potentialAction\":[{\"@type\":\"ReadAction\",\"target\":[\"https:\/\/www.villagraziella.com\/hu\/fekves\/\"]}]},{\"@type\":\"BreadcrumbList\",\"@id\":\"https:\/\/www.villagraziella.com\/hu\/fekves\/#breadcrumb\",\"itemListElement\":[{\"@type\":\"ListItem\",\"position\":1,\"name\":\"Home\",\"item\":\"https:\/\/www.villagraziella.com\/hu\/\"},{\"@type\":\"ListItem\",\"position\":2,\"name\":\"Fekv\u00e9s\"}]},{\"@type\":\"WebSite\",\"@id\":\"https:\/\/www.villagraziella.com\/hu\/#website\",\"url\":\"https:\/\/www.villagraziella.com\/hu\/\",\"name\":\"Villa Graziella\",\"description\":\"\",\"potentialAction\":[{\"@type\":\"SearchAction\",\"target\":{\"@type\":\"EntryPoint\",\"urlTemplate\":\"https:\/\/www.villagraziella.com\/hu\/?s={search_term_string}\"},\"query-input\":{\"@type\":\"PropertyValueSpecification\",\"valueRequired\":true,\"valueName\":\"search_term_string\"}}],\"inLanguage\":\"hu\"}]}<\/script>\n<!-- \/ Yoast SEO plugin. -->","yoast_head_json":{"title":"Hotel a Mestre \u00e1llom\u00e1s k\u00f6zel\u00e9ben - Hotel Margher\u00e1ban","description":"A hotel a Mestre \u00e1llom\u00e1s k\u00f6zel\u00e9ben praktikus a velencei l\u00e1togat\u00e1sokhoz \u00e9s kir\u00e1ndul\u00e1sokhoz, kiv\u00e1l\u00f3 \u00f6sszek\u00f6ttet\u00e9sekkel a velencei rept\u00e9rre.","robots":{"index":"index","follow":"follow","max-snippet":"max-snippet:-1","max-image-preview":"max-image-preview:large","max-video-preview":"max-video-preview:-1"},"canonical":"https:\/\/www.villagraziella.com\/hu\/fekves\/","og_locale":"hu_HU","og_type":"article","og_title":"Hotel a Mestre \u00e1llom\u00e1s k\u00f6zel\u00e9ben - Hotel Margher\u00e1ban","og_description":"A hotel a Mestre \u00e1llom\u00e1s k\u00f6zel\u00e9ben praktikus a velencei l\u00e1togat\u00e1sokhoz \u00e9s kir\u00e1ndul\u00e1sokhoz, kiv\u00e1l\u00f3 \u00f6sszek\u00f6ttet\u00e9sekkel a velencei rept\u00e9rre.","og_url":"https:\/\/www.villagraziella.com\/hu\/fekves\/","og_site_name":"Villa Graziella","article_modified_time":"2015-03-02T11:39:46+00:00","twitter_misc":{"Becs\u00fclt olvas\u00e1si id\u0151":"8 perc"},"schema":{"@context":"https:\/\/schema.org","@graph":[{"@type":"WebPage","@id":"https:\/\/www.villagraziella.com\/hu\/fekves\/","url":"https:\/\/www.villagraziella.com\/hu\/fekves\/","name":"Hotel a Mestre \u00e1llom\u00e1s k\u00f6zel\u00e9ben - Hotel Margher\u00e1ban","isPartOf":{"@id":"https:\/\/www.villagraziella.com\/hu\/#website"},"datePublished":"2015-01-14T14:08:12+00:00","dateModified":"2015-03-02T11:39:46+00:00","description":"A hotel a Mestre \u00e1llom\u00e1s k\u00f6zel\u00e9ben praktikus a velencei l\u00e1togat\u00e1sokhoz \u00e9s kir\u00e1ndul\u00e1sokhoz, kiv\u00e1l\u00f3 \u00f6sszek\u00f6ttet\u00e9sekkel a velencei rept\u00e9rre.","breadcrumb":{"@id":"https:\/\/www.villagraziella.com\/hu\/fekves\/#breadcrumb"},"inLanguage":"hu","potentialAction":[{"@type":"ReadAction","target":["https:\/\/www.villagraziella.com\/hu\/fekves\/"]}]},{"@type":"BreadcrumbList","@id":"https:\/\/www.villagraziella.com\/hu\/fekves\/#breadcrumb","itemListElement":[{"@type":"ListItem","position":1,"name":"Home","item":"https:\/\/www.villagraziella.com\/hu\/"},{"@type":"ListItem","position":2,"name":"Fekv\u00e9s"}]},{"@type":"WebSite","@id":"https:\/\/www.villagraziella.com\/hu\/#website","url":"https:\/\/www.villagraziella.com\/hu\/","name":"Villa Graziella","description":"","potentialAction":[{"@type":"SearchAction","target":{"@type":"EntryPoint","urlTemplate":"https:\/\/www.villagraziella.com\/hu\/?s={search_term_string}"},"query-input":{"@type":"PropertyValueSpecification","valueRequired":true,"valueName":"search_term_string"}}],"inLanguage":"hu"}]}},"publishpress_future_action":{"enabled":false,"date":"2026-05-08 11:38:28","action":"change-status","newStatus":"draft","terms":[],"taxonomy":"translation_priority","extraData":[]},"publishpress_future_workflow_manual_trigger":{"enabledWorkflows":[]},"_links":{"self":[{"href":"https:\/\/www.villagraziella.com\/hu\/wp-json\/wp\/v2\/pages\/1304","targetHints":{"allow":["GET"]}}],"collection":[{"href":"https:\/\/www.villagraziella.com\/hu\/wp-json\/wp\/v2\/pages"}],"about":[{"href":"https:\/\/www.villagraziella.com\/hu\/wp-json\/wp\/v2\/types\/page"}],"author":[{"embeddable":true,"href":"https:\/\/www.villagraziella.com\/hu\/wp-json\/wp\/v2\/users\/24"}],"replies":[{"embeddable":true,"href":"https:\/\/www.villagraziella.com\/hu\/wp-json\/wp\/v2\/comments?post=1304"}],"version-history":[{"count":0,"href":"https:\/\/www.villagraziella.com\/hu\/wp-json\/wp\/v2\/pages\/1304\/revisions"}],"wp:attachment":[{"href":"https:\/\/www.villagraziella.com\/hu\/wp-json\/wp\/v2\/media?parent=1304"}],"curies":[{"name":"wp","href":"https:\/\/api.w.org\/{rel}","templated":true}]}}