{"id":1440,"date":"2015-01-14T14:09:25","date_gmt":"2015-01-14T14:09:25","guid":{"rendered":"https:\/\/www.villagraziella.com\/camere-2\/"},"modified":"2023-10-26T12:19:54","modified_gmt":"2023-10-26T12:19:54","slug":"rum","status":"publish","type":"page","link":"https:\/\/www.villagraziella.com\/sv\/rum\/","title":{"rendered":"Rum"},"content":{"rendered":"<div id=\"colonna-2\">\n<h1>Rum<\/h1>\n<p><strong>14 rum<\/strong> med \u00f6verl\u00e4gsna bekv\u00e4mligheter j\u00e4mf\u00f6rt med dem som vanligtvis erbjuds av <strong>tv\u00e5stj\u00e4rniga hotell i Mestre<\/strong> v\u00e4lkomnar hotellg\u00e4sterna till <strong>Antica Villa Graziella<\/strong> f\u00f6r en mycket behaglig semester p\u00e5 <strong>hotell i Venedig<\/strong>.<\/p>\n<p>Bekv\u00e4ma och ljusa rum f\u00f6r en till tv\u00e5 personer med olika l\u00f6sningar som alla \u00e4r mycket trevliga (enkels\u00e4ngar kan f\u00e5s p\u00e5 beg\u00e4ran).  <strong>Luftkonditionering<\/strong> som regleras automatiskt, <strong>privat badrum<\/strong> med dusch och h\u00e5rtork, Wi-Fi Internetanslutning, Kassask\u00e5p, TV och direkttelefon f\u00f6r att garantera en mycket behaglig semester eller veckoslut p\u00e5 hotell Antica Villa Graziella.<\/p>\n<h2>V\u00e5ra rum<\/h2>\n<div class=\"camere\">\n<div class=\"immagini\"><!-- index.php -->\n<div\n\tclass=\"ngg-galleryoverview ngg-ajax-pagination-none\"\n\tid=\"ngg-gallery-550e8aa23d2c04e9f2773d979c3f3951-1\">\n\n    \t<div class=\"slideshowlink\">\n        <a href='https:\/\/www.villagraziella.com\/sv\/offers\/special-internet-rates-sv\/nggallery\/slideshow'>[Show as slideshow]<\/a>\n\t\t\n\t<\/div>\n\t\t\t<!-- Thumbnails -->\n\t\t\t\t<div id=\"ngg-image-0\" class=\"ngg-gallery-thumbnail-box\" >\n\t\t\t\t        <div class=\"ngg-gallery-thumbnail\">\n            <a href=\"https:\/\/www.villagraziella.com\/wp-content\/gallery\/doppia-uso-singola\/DSC_1763.JPG\"\n               title=\"\"\n               data-src=\"https:\/\/www.villagraziella.com\/wp-content\/gallery\/doppia-uso-singola\/DSC_1763.JPG\"\n               data-thumbnail=\"https:\/\/www.villagraziella.com\/wp-content\/gallery\/doppia-uso-singola\/thumbs\/thumbs_DSC_1763.JPG\"\n               data-image-id=\"119\"\n               data-title=\"DSC_1763\"\n               data-description=\"\"\n               data-image-slug=\"dsc_1763\"\n               class='thickbox' rel='550e8aa23d2c04e9f2773d979c3f3951'>\n                <img\n                    title=\"DSC_1763\"\n                    alt=\"DSC_1763\"\n                    src=\"https:\/\/www.villagraziella.com\/wp-content\/gallery\/doppia-uso-singola\/thumbs\/thumbs_DSC_1763.JPG\"\n                    width=\"140\"\n                    height=\"140\"\n                    style=\"max-width:100%;\"\n                \/>\n            <\/a>\n        <\/div>\n\t\t\t\t\t\t\t<\/div> \n\t\t\t\n        \n\t\t\t\t<div id=\"ngg-image-1\" class=\"ngg-gallery-thumbnail-box\" >\n\t\t\t\t        <div class=\"ngg-gallery-thumbnail\">\n            <a href=\"https:\/\/www.villagraziella.com\/wp-content\/gallery\/doppia-uso-singola\/DSC_1784brusy.jpg\"\n               title=\"\"\n               data-src=\"https:\/\/www.villagraziella.com\/wp-content\/gallery\/doppia-uso-singola\/DSC_1784brusy.jpg\"\n               data-thumbnail=\"https:\/\/www.villagraziella.com\/wp-content\/gallery\/doppia-uso-singola\/thumbs\/thumbs_DSC_1784brusy.jpg\"\n               data-image-id=\"120\"\n               data-title=\"DSC_1784brusy\"\n               data-description=\"\"\n               data-image-slug=\"dsc_1784brusy\"\n               class='thickbox' rel='550e8aa23d2c04e9f2773d979c3f3951'>\n                <img\n                    title=\"DSC_1784brusy\"\n                    alt=\"DSC_1784brusy\"\n                    src=\"https:\/\/www.villagraziella.com\/wp-content\/gallery\/doppia-uso-singola\/thumbs\/thumbs_DSC_1784brusy.jpg\"\n                    width=\"140\"\n                    height=\"140\"\n                    style=\"max-width:100%;\"\n                \/>\n            <\/a>\n        <\/div>\n\t\t\t\t\t\t\t<\/div> \n\t\t\t\n        \n\t\t\n\t\t<!-- Pagination -->\n\t<div class='ngg-clear'><\/div>\t<\/div>\n<\/div>\n<h3>Dubbelrum f\u00f6r enskilt bruk<\/h3>\n<p>Standard rum inrett i klassisk stil med eget badrum, fransk dubbels\u00e4ng, kompakt och liten i storlek men inte i komfort.<br \/>\nI utrustningen ing\u00e5r; mjuka frott\u00e9 handdukar, Wi-Fi, luftkonditionering\/v\u00e4rme system, platt-TV (satellitkanaler), direkttelefon och v\u00e4rdesk\u00e5p.<br \/>\nS\u00e4ng storlekar: 1 mindre dubbels\u00e4ng (195 cm  x 140cm)<\/p>\n<p><a class=\"pulsante\" href=\"https:\/\/book2.nozio.com\/accommodation\/list?channelId=10e8dca1-0865-4eee-8fb8-424514de7698&amp;culture=sv\">Boka nu<\/a><\/p>\n<\/div>\n<div class=\"camere\">\n<div class=\"immagini\"><!-- index.php -->\n<div\n\tclass=\"ngg-galleryoverview ngg-ajax-pagination-none\"\n\tid=\"ngg-gallery-6afc97dfc1faf2706e50449e7bcad485-1\">\n\n    \t<div class=\"slideshowlink\">\n        <a href='https:\/\/www.villagraziella.com\/sv\/offers\/special-internet-rates-sv\/nggallery\/slideshow'>[Show as slideshow]<\/a>\n\t\t\n\t<\/div>\n\t\t\t<!-- Thumbnails -->\n\t\t\t\t<div id=\"ngg-image-0\" class=\"ngg-gallery-thumbnail-box\" >\n\t\t\t\t        <div class=\"ngg-gallery-thumbnail\">\n            <a href=\"https:\/\/www.villagraziella.com\/wp-content\/gallery\/matrimoniale\/3.jpg\"\n               title=\"\"\n               data-src=\"https:\/\/www.villagraziella.com\/wp-content\/gallery\/matrimoniale\/3.jpg\"\n               data-thumbnail=\"https:\/\/www.villagraziella.com\/wp-content\/gallery\/matrimoniale\/thumbs\/thumbs_3.jpg\"\n               data-image-id=\"5\"\n               data-title=\"3\"\n               data-description=\"\"\n               data-image-slug=\"3\"\n               class='thickbox' rel='6afc97dfc1faf2706e50449e7bcad485'>\n                <img\n                    title=\"3\"\n                    alt=\"3\"\n                    src=\"https:\/\/www.villagraziella.com\/wp-content\/gallery\/matrimoniale\/thumbs\/thumbs_3.jpg\"\n                    width=\"140\"\n                    height=\"140\"\n                    style=\"max-width:100%;\"\n                \/>\n            <\/a>\n        <\/div>\n\t\t\t\t\t\t\t<\/div> \n\t\t\t\n        \n\t\t\t\t<div id=\"ngg-image-1\" class=\"ngg-gallery-thumbnail-box\" >\n\t\t\t\t        <div class=\"ngg-gallery-thumbnail\">\n            <a href=\"https:\/\/www.villagraziella.com\/wp-content\/gallery\/matrimoniale\/1.jpg\"\n               title=\"\"\n               data-src=\"https:\/\/www.villagraziella.com\/wp-content\/gallery\/matrimoniale\/1.jpg\"\n               data-thumbnail=\"https:\/\/www.villagraziella.com\/wp-content\/gallery\/matrimoniale\/thumbs\/thumbs_1.jpg\"\n               data-image-id=\"1\"\n               data-title=\"1\"\n               data-description=\"\"\n               data-image-slug=\"1\"\n               class='thickbox' rel='6afc97dfc1faf2706e50449e7bcad485'>\n                <img\n                    title=\"1\"\n                    alt=\"1\"\n                    src=\"https:\/\/www.villagraziella.com\/wp-content\/gallery\/matrimoniale\/thumbs\/thumbs_1.jpg\"\n                    width=\"140\"\n                    height=\"140\"\n                    style=\"max-width:100%;\"\n                \/>\n            <\/a>\n        <\/div>\n\t\t\t\t\t\t\t<\/div> \n\t\t\t\n        \n\t\t\t\t<div id=\"ngg-image-2\" class=\"ngg-gallery-thumbnail-box\" >\n\t\t\t\t        <div class=\"ngg-gallery-thumbnail\">\n            <a href=\"https:\/\/www.villagraziella.com\/wp-content\/gallery\/matrimoniale\/1-1.jpg\"\n               title=\"\"\n               data-src=\"https:\/\/www.villagraziella.com\/wp-content\/gallery\/matrimoniale\/1-1.jpg\"\n               data-thumbnail=\"https:\/\/www.villagraziella.com\/wp-content\/gallery\/matrimoniale\/thumbs\/thumbs_1-1.jpg\"\n               data-image-id=\"3\"\n               data-title=\"1-1\"\n               data-description=\"\"\n               data-image-slug=\"1-1\"\n               class='thickbox' rel='6afc97dfc1faf2706e50449e7bcad485'>\n                <img\n                    title=\"1-1\"\n                    alt=\"1-1\"\n                    src=\"https:\/\/www.villagraziella.com\/wp-content\/gallery\/matrimoniale\/thumbs\/thumbs_1-1.jpg\"\n                    width=\"140\"\n                    height=\"140\"\n                    style=\"max-width:100%;\"\n                \/>\n            <\/a>\n        <\/div>\n\t\t\t\t\t\t\t<\/div> \n\t\t\t\n        \n\t\t\t\t<div id=\"ngg-image-3\" class=\"ngg-gallery-thumbnail-box\" >\n\t\t\t\t        <div class=\"ngg-gallery-thumbnail\">\n            <a href=\"https:\/\/www.villagraziella.com\/wp-content\/gallery\/matrimoniale\/2-1.jpg\"\n               title=\"\"\n               data-src=\"https:\/\/www.villagraziella.com\/wp-content\/gallery\/matrimoniale\/2-1.jpg\"\n               data-thumbnail=\"https:\/\/www.villagraziella.com\/wp-content\/gallery\/matrimoniale\/thumbs\/thumbs_2-1.jpg\"\n               data-image-id=\"4\"\n               data-title=\"2-1\"\n               data-description=\"\"\n               data-image-slug=\"2-1\"\n               class='thickbox' rel='6afc97dfc1faf2706e50449e7bcad485'>\n                <img\n                    title=\"2-1\"\n                    alt=\"2-1\"\n                    src=\"https:\/\/www.villagraziella.com\/wp-content\/gallery\/matrimoniale\/thumbs\/thumbs_2-1.jpg\"\n                    width=\"140\"\n                    height=\"140\"\n                    style=\"max-width:100%;\"\n                \/>\n            <\/a>\n        <\/div>\n\t\t\t\t\t\t\t<\/div> \n\t\t\t\n        \n\t\t\t\t<div id=\"ngg-image-4\" class=\"ngg-gallery-thumbnail-box\" >\n\t\t\t\t        <div class=\"ngg-gallery-thumbnail\">\n            <a href=\"https:\/\/www.villagraziella.com\/wp-content\/gallery\/matrimoniale\/2.jpg\"\n               title=\"\"\n               data-src=\"https:\/\/www.villagraziella.com\/wp-content\/gallery\/matrimoniale\/2.jpg\"\n               data-thumbnail=\"https:\/\/www.villagraziella.com\/wp-content\/gallery\/matrimoniale\/thumbs\/thumbs_2.jpg\"\n               data-image-id=\"2\"\n               data-title=\"2\"\n               data-description=\"\"\n               data-image-slug=\"2\"\n               class='thickbox' rel='6afc97dfc1faf2706e50449e7bcad485'>\n                <img\n                    title=\"2\"\n                    alt=\"2\"\n                    src=\"https:\/\/www.villagraziella.com\/wp-content\/gallery\/matrimoniale\/thumbs\/thumbs_2.jpg\"\n                    width=\"140\"\n                    height=\"140\"\n                    style=\"max-width:100%;\"\n                \/>\n            <\/a>\n        <\/div>\n\t\t\t\t\t\t\t<\/div> \n\t\t\t\n        \n\t\t\t\t<div id=\"ngg-image-5\" class=\"ngg-gallery-thumbnail-box\" >\n\t\t\t\t        <div class=\"ngg-gallery-thumbnail\">\n            <a href=\"https:\/\/www.villagraziella.com\/wp-content\/gallery\/matrimoniale\/3-1.jpg\"\n               title=\"\"\n               data-src=\"https:\/\/www.villagraziella.com\/wp-content\/gallery\/matrimoniale\/3-1.jpg\"\n               data-thumbnail=\"https:\/\/www.villagraziella.com\/wp-content\/gallery\/matrimoniale\/thumbs\/thumbs_3-1.jpg\"\n               data-image-id=\"6\"\n               data-title=\"3-1\"\n               data-description=\"\"\n               data-image-slug=\"3-1\"\n               class='thickbox' rel='6afc97dfc1faf2706e50449e7bcad485'>\n                <img\n                    title=\"3-1\"\n                    alt=\"3-1\"\n                    src=\"https:\/\/www.villagraziella.com\/wp-content\/gallery\/matrimoniale\/thumbs\/thumbs_3-1.jpg\"\n                    width=\"140\"\n                    height=\"140\"\n                    style=\"max-width:100%;\"\n                \/>\n            <\/a>\n        <\/div>\n\t\t\t\t\t\t\t<\/div> \n\t\t\t\n        \n\t\t\n\t\t<!-- Pagination -->\n\t<div class='ngg-clear'><\/div>\t<\/div>\n<\/div>\n<h3>Dubbelrum\/Tv\u00e5b\u00e4ddsrum<\/h3>\n<p>Standard rum inrett i klassisk stil med privat badrum och dubbels\u00e4ng (King-size) eller tv\u00e5 enkels\u00e4ngar.<br \/>\nMysigt, ljust och utrustat med mjuka frott\u00e9 handdukar, Wi-Fi, luftkonditionering\/v\u00e4rme system, platt-TV (satellitkanaler), direkttelefon och v\u00e4rdesk\u00e5p.<br \/>\nS\u00e4ng storlekar: 1 dubbels\u00e4ng (200cm x 170cm) eller tv\u00e5 enkels\u00e4ngar (200cm x 85cm).<\/p>\n<p><a class=\"pulsante\" href=\"https:\/\/book2.nozio.com\/accommodation\/list?channelId=10e8dca1-0865-4eee-8fb8-424514de7698&amp;culture=sv\">Boka nu<\/a><\/p>\n<\/div>\n<hr>\n<p><\/div><div id=\"colonna-1\"><\/p>\n<div class=\"colonnaofferte\">\n<div class=\"offers\"><\/p>\n<div id=\"offertespeciali\">\n<h2>Specialerbjudanden<\/h2>\n<div class=\"flexslider\" style=\"width:268px;\"><ul class=\"slides\"><li><a href=\"https:\/\/www.villagraziella.com\/sv\/offers\/special-family-offer-stay-close-venice-3\/\"><img loading=\"lazy\" decoding=\"async\" width=\"268\" height=\"160\" src=\"https:\/\/www.villagraziella.com\/wp-content\/uploads\/2015\/02\/famiglia-268x160.jpg\" class=\"attachment-slider_medium size-slider_medium\" alt=\"\" \/><\/a><div class=\"flex-caption\"><div class=\"original-price price-all\"><\/div><div class=\"reducted-price price-all\"><\/div><div class=\"clear\"><\/div><div class=\"clear\"><\/div><div class=\"offer_title\"><a href=\"https:\/\/www.villagraziella.com\/sv\/offers\/special-family-offer-stay-close-venice-3\/\">Special &#8221;Family Offer&#8221; for your stay close to Venice<\/a><\/div><\/div><\/li><li><a href=\"https:\/\/www.villagraziella.com\/sv\/offers\/special-companies-try-2\/\"><img loading=\"lazy\" decoding=\"async\" width=\"268\" height=\"160\" src=\"https:\/\/www.villagraziella.com\/wp-content\/uploads\/2015\/01\/business-268x160.jpg\" class=\"attachment-slider_medium size-slider_medium\" alt=\"\" \/><\/a><div class=\"flex-caption\"><div class=\"original-price price-all\"><\/div><div class=\"reducted-price price-all\"><\/div><div class=\"clear\"><\/div><div class=\"clear\"><\/div><div class=\"offer_title\"><a href=\"https:\/\/www.villagraziella.com\/sv\/offers\/special-companies-try-2\/\">&#8221;OFFER for COMPANIES&#8221; near Venice<\/a><\/div><\/div><\/li><li><a href=\"https:\/\/www.villagraziella.com\/sv\/offers\/special-internet-rates-sv\/\"><img loading=\"lazy\" decoding=\"async\" width=\"268\" height=\"160\" src=\"https:\/\/www.villagraziella.com\/wp-content\/uploads\/2013\/09\/sanmarco-268x160.jpg\" class=\"attachment-slider_medium size-slider_medium\" alt=\"\" \/><\/a><div class=\"flex-caption\"><div class=\"original-price price-all\"><\/div><div class=\"reducted-price price-all\"><\/div><div class=\"clear\"><\/div><div class=\"clear\"><\/div><div class=\"offer_title\"><a href=\"https:\/\/www.villagraziella.com\/sv\/offers\/special-internet-rates-sv\/\">Special Internet Rates<\/a><\/div><\/div><\/li><\/ul><\/div>\n<p><a href=\"specialerbjudanden\/\" title=\"Specialerbjudanden\">G\u00e5 till fullst\u00e4ndig lista<\/a><\/p>\n<\/div>\n<p><\/div><\/p>\n<\/div>\n<div class=\"box\">\n<div class=\"illustrazioneuno\"><\/p>\n<h3>Quick info<\/h3>\n<p><strong>Receptionen och parkeringen p\u00e5 hotell Antica Villa Graziella \u00e4r \u00f6ppna fr\u00e5n sju p\u00e5 morgonen till midnatt.<br \/>\nANKOMST mellan 14:00 och 24:00 (Om du anl\u00e4nder senare, m\u00e5ste du f\u00f6rvarna oss!)<br \/>\nAVRESA senaste klockan 11:00<\/strong><\/p>\n<p>Vid ankomsten och avresan, kan hotellg\u00e4sterna l\u00e4mna bagaget p\u00e5 hotellet och bilen p\u00e5 gatan framf\u00f6r utan extra kostnad f\u00f6r att kunna tillbringa dagen i Venedig och \u00e5ka hem p\u00e5 eftermiddagen.<\/p>\n<p><\/div><\/p>\n<\/div>\n<p><\/div><\/p>\n","protected":false},"excerpt":{"rendered":"","protected":false},"author":24,"featured_media":0,"parent":0,"menu_order":0,"comment_status":"open","ping_status":"open","template":"page-monocolonna.php","meta":{"ngg_post_thumbnail":0,"footnotes":""},"class_list":["post-1440","page","type-page","status-publish","hentry"],"yoast_head":"<!-- This site is optimized with the Yoast SEO plugin v25.7 - https:\/\/yoast.com\/wordpress\/plugins\/seo\/ -->\n<title>Rum - Villa Graziella<\/title>\n<meta name=\"description\" content=\"Rum, Villa Graziella: 2-stj\u00e4rnigt hotell i Marghera, billigt och bra f\u00f6rbindelser med kollektivtrafik till Venedig.\" \/>\n<meta name=\"robots\" content=\"index, follow, max-snippet:-1, max-image-preview:large, max-video-preview:-1\" \/>\n<link rel=\"canonical\" href=\"https:\/\/www.villagraziella.com\/sv\/rum\/\" \/>\n<meta property=\"og:locale\" content=\"sv_SE\" \/>\n<meta property=\"og:type\" content=\"article\" \/>\n<meta property=\"og:title\" content=\"Rum - Villa Graziella\" \/>\n<meta property=\"og:description\" content=\"Rum, Villa Graziella: 2-stj\u00e4rnigt hotell i Marghera, billigt och bra f\u00f6rbindelser med kollektivtrafik till Venedig.\" \/>\n<meta property=\"og:url\" content=\"https:\/\/www.villagraziella.com\/sv\/rum\/\" \/>\n<meta property=\"og:site_name\" content=\"Villa Graziella\" \/>\n<meta property=\"article:modified_time\" content=\"2023-10-26T12:19:54+00:00\" \/>\n<meta name=\"twitter:label1\" content=\"Ber\u00e4knad l\u00e4stid\" \/>\n\t<meta name=\"twitter:data1\" content=\"2 minuter\" \/>\n<script type=\"application\/ld+json\" class=\"yoast-schema-graph\">{\"@context\":\"https:\/\/schema.org\",\"@graph\":[{\"@type\":\"WebPage\",\"@id\":\"https:\/\/www.villagraziella.com\/sv\/rum\/\",\"url\":\"https:\/\/www.villagraziella.com\/sv\/rum\/\",\"name\":\"Rum - Villa Graziella\",\"isPartOf\":{\"@id\":\"https:\/\/www.villagraziella.com\/sv\/#website\"},\"datePublished\":\"2015-01-14T14:09:25+00:00\",\"dateModified\":\"2023-10-26T12:19:54+00:00\",\"description\":\"Rum, Villa Graziella: 2-stj\u00e4rnigt hotell i Marghera, billigt och bra f\u00f6rbindelser med kollektivtrafik till Venedig.\",\"breadcrumb\":{\"@id\":\"https:\/\/www.villagraziella.com\/sv\/rum\/#breadcrumb\"},\"inLanguage\":\"sv-SE\",\"potentialAction\":[{\"@type\":\"ReadAction\",\"target\":[\"https:\/\/www.villagraziella.com\/sv\/rum\/\"]}]},{\"@type\":\"BreadcrumbList\",\"@id\":\"https:\/\/www.villagraziella.com\/sv\/rum\/#breadcrumb\",\"itemListElement\":[{\"@type\":\"ListItem\",\"position\":1,\"name\":\"Home\",\"item\":\"https:\/\/www.villagraziella.com\/sv\/\"},{\"@type\":\"ListItem\",\"position\":2,\"name\":\"Rum\"}]},{\"@type\":\"WebSite\",\"@id\":\"https:\/\/www.villagraziella.com\/sv\/#website\",\"url\":\"https:\/\/www.villagraziella.com\/sv\/\",\"name\":\"Villa Graziella\",\"description\":\"\",\"potentialAction\":[{\"@type\":\"SearchAction\",\"target\":{\"@type\":\"EntryPoint\",\"urlTemplate\":\"https:\/\/www.villagraziella.com\/sv\/?s={search_term_string}\"},\"query-input\":{\"@type\":\"PropertyValueSpecification\",\"valueRequired\":true,\"valueName\":\"search_term_string\"}}],\"inLanguage\":\"sv-SE\"}]}<\/script>\n<!-- \/ Yoast SEO plugin. -->","yoast_head_json":{"title":"Rum - Villa Graziella","description":"Rum, Villa Graziella: 2-stj\u00e4rnigt hotell i Marghera, billigt och bra f\u00f6rbindelser med kollektivtrafik till Venedig.","robots":{"index":"index","follow":"follow","max-snippet":"max-snippet:-1","max-image-preview":"max-image-preview:large","max-video-preview":"max-video-preview:-1"},"canonical":"https:\/\/www.villagraziella.com\/sv\/rum\/","og_locale":"sv_SE","og_type":"article","og_title":"Rum - Villa Graziella","og_description":"Rum, Villa Graziella: 2-stj\u00e4rnigt hotell i Marghera, billigt och bra f\u00f6rbindelser med kollektivtrafik till Venedig.","og_url":"https:\/\/www.villagraziella.com\/sv\/rum\/","og_site_name":"Villa Graziella","article_modified_time":"2023-10-26T12:19:54+00:00","twitter_misc":{"Ber\u00e4knad l\u00e4stid":"2 minuter"},"schema":{"@context":"https:\/\/schema.org","@graph":[{"@type":"WebPage","@id":"https:\/\/www.villagraziella.com\/sv\/rum\/","url":"https:\/\/www.villagraziella.com\/sv\/rum\/","name":"Rum - Villa Graziella","isPartOf":{"@id":"https:\/\/www.villagraziella.com\/sv\/#website"},"datePublished":"2015-01-14T14:09:25+00:00","dateModified":"2023-10-26T12:19:54+00:00","description":"Rum, Villa Graziella: 2-stj\u00e4rnigt hotell i Marghera, billigt och bra f\u00f6rbindelser med kollektivtrafik till Venedig.","breadcrumb":{"@id":"https:\/\/www.villagraziella.com\/sv\/rum\/#breadcrumb"},"inLanguage":"sv-SE","potentialAction":[{"@type":"ReadAction","target":["https:\/\/www.villagraziella.com\/sv\/rum\/"]}]},{"@type":"BreadcrumbList","@id":"https:\/\/www.villagraziella.com\/sv\/rum\/#breadcrumb","itemListElement":[{"@type":"ListItem","position":1,"name":"Home","item":"https:\/\/www.villagraziella.com\/sv\/"},{"@type":"ListItem","position":2,"name":"Rum"}]},{"@type":"WebSite","@id":"https:\/\/www.villagraziella.com\/sv\/#website","url":"https:\/\/www.villagraziella.com\/sv\/","name":"Villa Graziella","description":"","potentialAction":[{"@type":"SearchAction","target":{"@type":"EntryPoint","urlTemplate":"https:\/\/www.villagraziella.com\/sv\/?s={search_term_string}"},"query-input":{"@type":"PropertyValueSpecification","valueRequired":true,"valueName":"search_term_string"}}],"inLanguage":"sv-SE"}]}},"publishpress_future_action":{"enabled":false,"date":"2026-05-09 11:17:01","action":"change-status","newStatus":"draft","terms":[],"taxonomy":"translation_priority","extraData":[]},"publishpress_future_workflow_manual_trigger":{"enabledWorkflows":[]},"_links":{"self":[{"href":"https:\/\/www.villagraziella.com\/sv\/wp-json\/wp\/v2\/pages\/1440","targetHints":{"allow":["GET"]}}],"collection":[{"href":"https:\/\/www.villagraziella.com\/sv\/wp-json\/wp\/v2\/pages"}],"about":[{"href":"https:\/\/www.villagraziella.com\/sv\/wp-json\/wp\/v2\/types\/page"}],"author":[{"embeddable":true,"href":"https:\/\/www.villagraziella.com\/sv\/wp-json\/wp\/v2\/users\/24"}],"replies":[{"embeddable":true,"href":"https:\/\/www.villagraziella.com\/sv\/wp-json\/wp\/v2\/comments?post=1440"}],"version-history":[{"count":7,"href":"https:\/\/www.villagraziella.com\/sv\/wp-json\/wp\/v2\/pages\/1440\/revisions"}],"predecessor-version":[{"id":2610,"href":"https:\/\/www.villagraziella.com\/sv\/wp-json\/wp\/v2\/pages\/1440\/revisions\/2610"}],"wp:attachment":[{"href":"https:\/\/www.villagraziella.com\/sv\/wp-json\/wp\/v2\/media?parent=1440"}],"curies":[{"name":"wp","href":"https:\/\/api.w.org\/{rel}","templated":true}]}}